{"id":2987,"date":"2023-10-16T18:48:27","date_gmt":"2023-10-16T16:48:27","guid":{"rendered":"https:\/\/www.ordinechimicicalabria.it\/?page_id=2987"},"modified":"2025-07-15T15:57:39","modified_gmt":"2025-07-15T13:57:39","slug":"comunica","status":"publish","type":"page","link":"https:\/\/www.ordinechimicicalabria.it\/?page_id=2987","title":{"rendered":"Comunica"},"content":{"rendered":"\t\t<div data-elementor-type=\"wp-page\" data-elementor-id=\"2987\" class=\"elementor elementor-2987\">\n\t\t\t\t\t\t\t\t\t<section class=\"elementor-section elementor-top-section elementor-element elementor-element-60b84e2 elementor-section-boxed elementor-section-height-default elementor-section-height-default\" data-id=\"60b84e2\" data-element_type=\"section\">\n\t\t\t\t\t\t<div class=\"elementor-container elementor-column-gap-default\">\n\t\t\t\t\t<div class=\"elementor-column elementor-col-100 elementor-top-column elementor-element elementor-element-939831b\" data-id=\"939831b\" data-element_type=\"column\">\n\t\t\t<div class=\"elementor-widget-wrap elementor-element-populated\">\n\t\t\t\t\t\t\t\t<div class=\"elementor-element elementor-element-37f5220 elementor-widget elementor-widget-text-editor\" data-id=\"37f5220\" data-element_type=\"widget\" data-widget_type=\"text-editor.default\">\n\t\t\t\t<div class=\"elementor-widget-container\">\n\t\t\t\t\t\t\t<p><strong>Delibera CNFC crediti compensativi<\/strong><\/p>\n<p><img decoding=\"async\" loading=\"lazy\" class=\"alignnone size-medium wp-image-4707\" src=\"http:\/\/www.ordinechimicicalabria.it\/wp-content\/uploads\/2025\/07\/ECM_crediti-e1752587215120-300x190.jpg\" alt=\"\" width=\"300\" height=\"190\" \/><\/p>\n<p><a href=\"https:\/\/www.ordinechimicicalabria.it\/wp-content\/uploads\/2025\/07\/20250711_1162_allegato_nota-delibera-CNFC-crediti-compensativi.pdf\" target=\"_blank\" rel=\"noopener\">20250711_1162_allegato_nota<\/a><\/p>\n<!-- wp:separator {\"opacity\":\"css\"} --><hr class=\"wp-block-separator has-css-opacity\" \/><!-- \/wp:separator -->\n<p>Convegno Scientifico-Tecnico: Strategie integrate per la lotta alla desertificazione e la gestione sostenibile del territorio nel Mezzogiorno d\u2019Italia.<\/p>\n<p>Si terr\u00e0 marted\u00ec 17 giugno 2025, in occasione della della XXXI Giornata Mondiale per la Lotta alla Desertificazione e alla Siccit\u00e0, il convegno &#8220;Strategie integrate per la lotta alla desertificazione e la gestione sostenibile del territorio nel Mezzogiorno d&#8217;Italia&#8221;. <br \/>Organizzato dal nostro Ordine, in collaborazione con AssoCEA Messina APS e in partenariato con il Nodo InFEA della Citt\u00e0 Metropolitana di Messina).<\/p>\n<p>L&#8217;evento \u00e8 finalizzato ad affrontare le sfide critiche poste dalla desertificazione e dalla siccit\u00e0, con particolare riferimento alle aree pi\u00f9 vulnerabili del Mezzogiorno d&#8217;Italia, incluse le regioni insulari di Sicilia e Sardegna, e ad identificare strategie efficaci per limitare, fermare e invertire tale processo.<\/p>\n<p>Programma, cartolina e locandina dell&#8217;evento sono presenti alla pagina: <a href=\"https:\/\/www.chimicimessina.it\/?p=4007\">https:\/\/www.chimicimessina.it\/?p=4007<\/a>.<br \/>L&#8217;evento sar\u00e0 trasmesso in diretta streamming su: <br \/><a href=\"https:\/\/www.youtube.com\/@AssoCEAMessinaAPS2008\/streams\">https:\/\/www.youtube.com\/@AssoCEAMessinaAPS2008\/streams<\/a>.<\/p>\t\t\t\t\t\t<\/div>\n\t\t\t\t<\/div>\n\t\t\t\t<div class=\"elementor-element elementor-element-3d432e9 elementor-widget elementor-widget-read-more\" data-id=\"3d432e9\" data-element_type=\"widget\" data-widget_type=\"read-more.default\">\n\t\t\t\t<div class=\"elementor-widget-container\">\n\t\t\t<\/div><\/div><\/div><\/div><\/div><\/section><\/div> <a href=\"https:\/\/www.ordinechimicicalabria.it\/?page_id=2987#more-2987\" class=\"more-link elementor-more-link\"><span aria-label=\"Continua a leggere Comunica\">Continua a leggere<\/span><\/a>","protected":false},"excerpt":{"rendered":"<p><strong>Delibera CNFC crediti compensativi<\/strong><\/p>\n<p><\/p>\n<p><a href=\"https:\/\/www.ordinechimicicalabria.it\/wp-content\/uploads\/2025\/07\/20250711_1162_allegato_nota-delibera-CNFC-crediti-compensativi.pdf\" target=\"_blank\" rel=\"noopener\">20250711_1162_allegato_nota<\/a><\/p>\n<p><!-- wp:separator {\"opacity\":\"css\"} --><\/p>\n\n<p><!-- \/wp:separator --><\/p>\n<p>Convegno Scientifico-Tecnico: Strategie integrate per la lotta alla desertificazione e la gestione sostenibile del territorio nel Mezzogiorno d\u2019Italia.<\/p>\n<p>Si terr\u00e0 marted\u00ec 17 giugno 2025, in occasione della della XXXI Giornata Mondiale per la Lotta alla Desertificazione e alla Siccit\u00e0, il convegno \"Strategie integrate per la lotta alla desertificazione e la gestione sostenibile del territorio nel Mezzogiorno d'Italia\". <br \/>Organizzato dal nostro Ordine, in collaborazione con AssoCEA Messina APS e in partenariato con il Nodo InFEA della Citt\u00e0 Metropolitana di Messina).<\/p>\n<p>L'evento \u00e8 finalizzato ad affrontare le sfide critiche poste dalla desertificazione e dalla siccit\u00e0, con particolare riferimento alle aree pi\u00f9 vulnerabili del Mezzogiorno d'Italia, incluse le regioni insulari di Sicilia e Sardegna, e ad identificare strategie efficaci per limitare, fermare e invertire tale processo.<\/p>\n<p>Programma, cartolina e locandina dell'evento sono presenti alla pagina: <a href=\"https:\/\/www.chimicimessina.it\/?p=4007\">https:\/\/www.chimicimessina.it\/?p=4007<\/a>.<br \/>L'evento sar\u00e0 trasmesso in diretta streamming su: <br \/><a href=\"https:\/\/www.youtube.com\/@AssoCEAMessinaAPS2008\/streams\">https:\/\/www.youtube.com\/@AssoCEAMessinaAPS2008\/streams<\/a>.<\/p>\n<p>\t\t\t<!--more Continua a leggere-->\t\t<\/p>\n<p><!-- \/wp:separator --><\/p>\n<p><strong><em>Avviso<\/em>: Controllate la cartella SPAM.<\/strong> Le nostre comunicazioni dalla pec alla posta ordinaria potrebbero essere nella cartella SPAM della vostra email.<\/p>\n\n<p><!-- \/wp:separator --><\/p>\n<p><strong>Gent.mi iscritti,<\/strong><br \/><strong>comunichiamo che durante il mese di agosto la sede dell\u2019Ordine rester\u00e0 chiusa.<\/strong><br \/><strong>Restiamo a disposizione per le urgenze attraverso il servizio telefonico, di mail e pec.<\/strong><br \/><strong>Cordiali saluti<\/strong><\/p>\n\n<p><!-- \/wp:separator --><\/p>\n<p>E\u2019 indetta manifestazione di interesse per la ricerca di relatori al fine di realizzazione corsi ECM in accordo di convenzione con Provider interessati.<\/p>\n<p>I relatori competenti in materia, dovranno essere disposti a registrare i corsi che una volta completati e dopo aver ricevuto l\u2019accreditamento dalla Federazione Nazionale saranno inseriti sulla piattaforma del Provider.<\/p>\n<p>\u00a0Di seguito l\u2019elenco dei corsi per cui \u00e8 richiesto ausilio da parte dell\u2019Ordine a titolo gratuito.<\/p>\n<ul>\n<li>Le Normative per i Chimici e i Fisici;<\/li>\n<li>Corso CTU;<\/li>\n<li>Reach;<\/li>\n<li>Trattamento e classificazione dei rifiuti;<\/li>\n<li>Trattamento delle acque;<\/li>\n<li>Radiazioni;<\/li>\n<li>Regolamento CE 1223\/09 cosmetici \u2013 adempimento per le aziende \u2013 il ruolo dei chimici;<\/li>\n<li>Etichettatura Ecologica<\/li>\n<li>Prevenzione e gestione dei rischi delle malattie;<\/li>\n<li>Personale del laboratorio: la gestione;<\/li>\n<li>Prodotti alimentari: le etichettature.<\/li>\n<\/ul>\n<p>Ogni eventuale accordo ai fini di compensi o rimborso spese tra i relatori e il Provider sono da concordare col Provider stesso.<\/p>\n<p>I nominativi di coloro che invieranno all\u2019indirizzo\u00a0<a href=\"mailto:info@ordinechimicicalabria.it\">info@ordinechimicicalabria.it<\/a>\u00a0la loro disponibilit\u00e0, con la manifestazione di interesse e relativo c.v. sottoscritto con autorizzazione all\u2019uso dei propri dati personali, \u00a0saranno inviati al Provider.<\/p>\n\n<p><!-- \/wp:separator --><\/p>\n<p><!-- \/wp:separator --><\/p>\n<p><strong>Lutto<\/strong><\/p>\n<p>Dottor Armando Aloise<\/p>\n<p>Con immenso dispiacere comunichiamo che e'\u00a0 venuto a mancare il collega chimico Dott. Armando Aloise. I funerali si terranno domani 15 febbraio 2024 alle ore 10:30 a Girifalco<\/p>\n<p><!-- wp:separator {\"opacity\":\"css\"} --><\/p>\n\n<p><!-- \/wp:separator --><br \/>\n<!-- wp:paragraph --><\/p>\n<p><strong>Lutto<\/strong><\/p>\n<p>Il Consiglio dell\u2019Ordine dei Chimici e dei Fisici della Calabria, i collaboratori e consulenti dell\u2019Ordine, i Colleghi professionisti Chimici e Fisici si stringono al dolore del presidente Dott. Alessandro Teatino per la perdita del fratello.<\/p>\n<p><!-- wp:separator {\"opacity\":\"css\"} --><\/p>\n\n<p><!-- \/wp:separator --><\/p>\n<p>Come gi\u00e0 anticipato via pec,<strong> sabato 2 dicembre 2023 dalle ore 9.45 si terr\u00e0 l'assemblea annuale per l'approvazione del bilancio di previsione anno 2024.<\/strong><br \/>Il link per il collegamento \u00e8 gi\u00e0 stato inviato nella lettera di convocazione trasmessavi a mezzo pec in data 20.11.2023.<br \/>Il bilancio da approvare, gi\u00e0 oggetto di approvazione da parte del Collegio dei Revisori, vi sar\u00e0 trasmesso tempestivamente entro la data indicata per l'assemblea.<\/p>\n<p><!-- \/wp:paragraph --><\/p>\n<p><!-- wp:separator {\"opacity\":\"css\"} --><\/p>\n\n<p><!-- \/wp:separator --><\/p>\nComunicazione su CNFC su obbligo formativo\n<p>Gent.mi iscritti,<br \/>la Commissione Nazionale per la Formazione Continua (CNFC), nella riunione dell\u20198 novembre 2023, ha deliberato che l\u2019obbligo formativo per il triennio 2023-2025 \u00e8 pari a 150 ECM, fatte salve le decisioni della Commissione stessa in materia di esoneri, esenzioni ed eventuali altre riduzioni.<br \/>Per il triennio in corso, inoltre, si applicano le riduzioni dell\u2019obbligo formativo gi\u00e0 previste nei trienni precedenti (cfr. \u00a71.1, punti n. 1 e n. 2, del Manuale sulla formazione continua del professionista sanitario).<br \/>Nella medesima delibera \u00e8 stato stabilito dalla CNFC che \u201cl\u2019acquisizione di crediti formativi relativi al triennio 2020-2022 \u00e8 consentita fino al 31.12.2023, per eventi con \u201cdata fine evento\u201d al 31.12.2023. La possibilit\u00e0 di spostamento dei crediti \u00e8 consentita fino al 30 giugno 2024\u201d.<br \/>Infine, la CNFC ha previsto per il triennio 2023-2025 una riduzione dell\u2019obbligo formativo per i professionisti sanitari che hanno svolto la loro attivit\u00e0 professionale nei territori dei comuni coinvolti dall\u2019emergenza dovuta agli eventi alluvionali.<br \/>Alleghiamo alla presente:<br \/>- manuale del professionista sanitario;<br \/>- delibera CNFC relativa a obbligo formativo 2023-2025 e spostamento crediti;<br \/>- delibera CNFC relativa a riduzione dell'obbligo formativo per i professionisti che hanno svolto l'attivit\u00e0 nei comuni coinvolti nell'emergenza dovuta agli eventi alluvionali di cui al DL 61\/2023.<br \/>La presente comunicazione e i relativi allegati sono rinvenibili sul sito istituzionale dell\u2019Ordine<\/p>\n<p>Il Presidente<br \/>Dott. Chim. Alessandro Teatino<\/p>\n<p><!-- \/wp:paragraph --><\/p>\n<p><!-- wp:separator {\"opacity\":\"css\"} --><\/p>\n\n<p><!-- \/wp:separator --><br \/>\n<!-- wp:paragraph --><\/p>\n<p><strong>Cortese attenzione<\/strong><\/p>\n<p><!-- \/wp:paragraph --><br \/>\n<!-- wp:paragraph --><\/p>\n<p><strong>Alessandro Teatino<\/strong><\/p>\n<p><!-- \/wp:paragraph --><br \/>\n<!-- wp:paragraph --><\/p>\n<p><strong>Presidente<\/strong><\/p>\n<p><!-- \/wp:paragraph --><br \/>\n<!-- wp:paragraph --><\/p>\n<p><strong>Ordine Regionale dei Chimici e dei Fisici della Calabria<\/strong><\/p>\n<p><!-- \/wp:paragraph --><br \/>\n<!-- wp:paragraph --><\/p>\n<p>Pregiatissimo,<\/p>\n<p><!-- \/wp:paragraph --><br \/>\n<!-- wp:paragraph --><\/p>\n<p>La Fondazione GIMBE ha presentato il 10 ottobre 2023 presso la Sala Capitolare del Senato della Repubblica il\u00a0<strong>6\u00b0 Rapporto sul Servizio Sanitario Nazionale<\/strong>.<\/p>\n<p><!-- \/wp:paragraph --><br \/>\n<!-- wp:paragraph --><\/p>\n<p>Il Rapporto analizza le grandi criticit\u00e0 di sistema - finanziamento pubblico, spesa sanitaria, livelli essenziali di assistenza, governance Stato-Regioni, personale, attuazione del PNRR - al fine di sensibilizzare da un lato la politica a rimettere la sanit\u00e0 pubblica al centro dell\u2019agenda, dall\u2019altro tutti gli stakeholder della sanit\u00e0 a diventare attori protagonisti per consolidare il valore sociale del SSN, rinunciando ai privilegi acquisiti per rilanciare il bene comune.\u00a0E propone\u00a0il \u201cPiano di Rilancio del SSN\u201d per garantire a tutte le persone il diritto costituzionale alla tutela della salute.<\/p>\n<p><!-- \/wp:paragraph --><br \/>\n<!-- wp:paragraph --><\/p>\n<p>Si allega <a href=\"https:\/\/www.ordinechimicicalabria.it\/wp-content\/uploads\/2023\/10\/CS_-6_Rapporto_GIMBE_SSN.pdf\">il comunicato stampa con la sintesi del Rapporto<\/a>, la cui versione integrale \u00e8 disponibile a\u00a0<a href=\"http:\/\/www.rapportogimbe.it\/\" target=\"_blank\" rel=\"noreferrer noopener\">www.rapportogimbe.it<\/a><\/p>\n<p><!-- \/wp:paragraph --><br \/>\n<!-- wp:paragraph --><\/p>\n<p>Grato per ulteriore divulgazione attraverso il vostro sito e\/o la vostra newsletter.<\/p>\n<p><!-- \/wp:paragraph --><br \/>\n<!-- wp:paragraph --><\/p>\n<p>Un caro saluto<\/p>\n<p><!-- \/wp:paragraph --><br \/>\n<!-- wp:paragraph --><\/p>\n<p><strong>Nino Cartabellotta<\/strong><br \/>Presidente<\/p>\n<p><!-- \/wp:paragraph --><br \/>\n<!-- wp:separator --><\/p>\n\n<p><!-- \/wp:separator --><br \/>\n<!-- wp:paragraph --><\/p>\n<p><strong>AZIENDA OSPEDALIERO-UNIVERSITARIA RENATO DULBECCO DI CATANZARO<\/strong><\/p>\n<p>CONCORSO\u00a0(scad. 12 ottobre 2023) \u00a0<\/p>\n<p><!-- \/wp:paragraph --><br \/>\n<!-- wp:paragraph --><\/p>\n<p><a href=\"https:\/\/www.gazzettaufficiale.it\/atto\/concorsi\/caricaDettaglioAtto\/originario?atto.dataPubblicazioneGazzetta=2023-09-12&amp;atto.codiceRedazionale=23E09985\">Concorso pubblico, per titoli ed esami, per la copertura di un posto di dirigente fisico, disciplina di fisica sanitaria, a tempo pieno ed indeterminato, con rapporto di lavoro esclusivo.\u00a0(GU n.69 del 12-09-2023)<\/a><\/p>\n<p><!-- \/wp:paragraph --><br \/>\n<!-- wp:separator --><\/p>\n\n<p><!-- \/wp:separator --><br \/>\n<!-- wp:paragraph --><\/p>\n\nXX CONGRESSO NAZIONALE\u00a0DEI CHIMICI E DEI FISICI\u00a0\n<p><a href=\"https:\/\/www.congressofncf2023.it\/\"><\/a><\/p>\n<p>\u201d CHIMICA E FISICA: il cuore del futuro sostenibile\u201d \u00e8 questo il messaggio rappresentativo\u00a0 del XX\u00a0\u00a0Congresso Nazionale dei Chimici e dei Fisici, che si terr\u00e0 il 23 \u2013 24 -25 Novembre 2023 a Paestum (SA) .<\/p>\n<p>Chimica e Fisica sono infatti da secoli strettamente correlate allo sviluppo del progresso scientifico, produttivo, industriale e sociale, e permeano il nostro tessuto e la nostra quotidianit\u00e0. In uno scenario europeo e internazionale volto alla promozione di una maggiore sostenibilit\u00e0 ambientale, economica e sociale, inevitabilmente Chimica e Fisica rappresentano il cuore di tale sviluppo e il fulcro alla base del quale si possano migliorare ed innovare processi produttivi, prodotti, corretta gestione delle risorse di materie prime ed energia.<\/p>\n\n<a href=\"https:\/\/www.congressofncf2023.it\/content\/6-programma\">Programma<\/a> - <a href=\"https:\/\/www.congressofncf2023.it\/3-pacchetti\">Promo<\/a>\n\n<p><!-- \/wp:paragraph --><br \/>\n<!-- wp:separator --><\/p>\n\n<p><!-- \/wp:separator --><br \/>\n<!-- wp:paragraph --><\/p>\n<p>Gent.mi iscritti, sono stati inviati per il tramite dell'Agenzia di Riscossione gli avvisi di pagamento per il rinnovo dell'iscrizione annuale all'Ordine territoriale della Calabria, la scadenza \u00e8 prevista per il 28 febbraio 2023<\/p>\n","protected":false},"author":1,"featured_media":232,"parent":0,"menu_order":0,"comment_status":"closed","ping_status":"closed","template":"","meta":[],"_links":{"self":[{"href":"https:\/\/www.ordinechimicicalabria.it\/index.php?rest_route=\/wp\/v2\/pages\/2987"}],"collection":[{"href":"https:\/\/www.ordinechimicicalabria.it\/index.php?rest_route=\/wp\/v2\/pages"}],"about":[{"href":"https:\/\/www.ordinechimicicalabria.it\/index.php?rest_route=\/wp\/v2\/types\/page"}],"author":[{"embeddable":true,"href":"https:\/\/www.ordinechimicicalabria.it\/index.php?rest_route=\/wp\/v2\/users\/1"}],"replies":[{"embeddable":true,"href":"https:\/\/www.ordinechimicicalabria.it\/index.php?rest_route=%2Fwp%2Fv2%2Fcomments&post=2987"}],"version-history":[{"count":85,"href":"https:\/\/www.ordinechimicicalabria.it\/index.php?rest_route=\/wp\/v2\/pages\/2987\/revisions"}],"predecessor-version":[{"id":4723,"href":"https:\/\/www.ordinechimicicalabria.it\/index.php?rest_route=\/wp\/v2\/pages\/2987\/revisions\/4723"}],"wp:featuredmedia":[{"embeddable":true,"href":"https:\/\/www.ordinechimicicalabria.it\/index.php?rest_route=\/wp\/v2\/media\/232"}],"wp:attachment":[{"href":"https:\/\/www.ordinechimicicalabria.it\/index.php?rest_route=%2Fwp%2Fv2%2Fmedia&parent=2987"}],"curies":[{"name":"wp","href":"https:\/\/api.w.org\/{rel}","templated":true}]}}