{"id":49,"date":"2021-01-25T12:57:57","date_gmt":"2021-01-25T11:57:57","guid":{"rendered":"http:\/\/localhost\/ordinechimicifisicirc\/?page_id=49"},"modified":"2021-01-27T17:06:02","modified_gmt":"2021-01-27T16:06:02","slug":"archivio-notizie-anni-2018-2019","status":"publish","type":"page","link":"https:\/\/www.ordinechimicicalabria.it\/?page_id=49","title":{"rendered":"Archivio notizie anni 2018-2019"},"content":{"rendered":"\n<p><strong>Concorso &#8221; LA TAVOLA PERIODICA ATTORNO A NOI. E&#8217; IMPORTANTE PERCHE&#8217;..&#8221;scadenza 10 dicembre<\/strong><\/p>\n\n\n\n<p>L&#8217;Ordine dei Chimici e dei Fisici della Calabria, in occasione dell&#8217;evento &#8220;La Tavola periodica 150 anni dopo&#8221;, ha indetto un concorso per le scuole secondarie di secondo grado. I poster,Per maggiori informazioni vi invitiamo a&nbsp;<a href=\"http:\/\/www.ordinechimicicalabria.it\/portale2018\/2019\/Concorso%20La%20Tavola%20periodica%20attorno%20a%20noi.%20E'%20importante%20perch%C3%A8....pdf\">scaricare la locandina<\/a>.<\/p>\n\n\n\n<figure class=\"wp-block-image\"><img decoding=\"async\" src=\"http:\/\/www.ordinechimicicalabria.it\/portale2018\/2019\/Evento%20Tavola%20Periodica\/Concorso%20La%20Tavola%20periodica%20attorno%20a%20noi.%20E'%20importante%20perch%C3%A8....jpg\" alt=\"\"\/><\/figure>\n\n\n\n<p><strong>14 Dicembre 2019 &#8211; Lamezia Terme, Evento La Tavola Periodica 150 anni dopo&#8221;, 5 ECM<\/strong><\/p>\n\n\n\n<p>Sabato 14 Dicembre 2019 si terr\u00e0 presso il Grand Hotel Lamezia (di fronte stazione ferroviaria di Lamezia Terme C.Le)&nbsp; il convegno &#8220;La Tavola Periodica 150 anni dopo&#8221; per celebrare i 150 dalla pubblicazione della prima tavola periodica degli elementi. L&#8217;evento \u00e8 accreditato per il riconoscimento di 5 ECM. Per maggiori informazioni vi invitiamo a&nbsp;<a href=\"http:\/\/www.ordinechimicicalabria.it\/portale2018\/2019\/Evento%20Tavola%20Periodica\/2_Locandina%20TAVOLA%20PERIODICA%20con%20programma%20OK.pdf\">scaricare la locandina<\/a>.<\/p>\n\n\n\n<figure class=\"wp-block-image\"><img decoding=\"async\" src=\"http:\/\/www.ordinechimicicalabria.it\/portale2018\/2019\/Evento%20Tavola%20Periodica\/Locandina%20TAVOLA%20PERIODICA.jpg\" alt=\"\"\/><\/figure>\n\n\n\n<p><strong>17 ottobre 2019 &#8211; Reggio Calabria, Corso &#8220;La gestione delle terre e rocce da scavo&#8221;<\/strong><\/p>\n\n\n\n<p>Il 17 ottobre 2019 si terr\u00e0 a Reggio Calabria&nbsp; presso Palazzo Alvaro il corso in oggetto. Il termine per l&#8217;iscrizione\u00e8 stato prorogato a luned\u00ec 14 ottobre. Per maggiori informazioni vi invitiamo a&nbsp;<a href=\"http:\/\/www.ordinechimicicalabria.it\/portale2018\/2019\/Locandina%20_TerreeRoccedascavo2019.jpg\">scaricare la locandina dell&#8217;evento<\/a>.<\/p>\n\n\n\n<figure class=\"wp-block-image\"><img decoding=\"async\" src=\"http:\/\/www.ordinechimicicalabria.it\/portale2018\/2019\/Locandina%20_TerreeRoccedascavo2019.jpg\" alt=\"\"\/><\/figure>\n\n\n\n<p><strong><a href=\"http:\/\/formazione.chimici.it\/Chimici\/dettaglioEvento.public?id=8316&amp;page=1&amp;rowsPerPage=30\"><\/a><\/strong><\/p>\n\n\n\n<p><strong>17 ottobre 2019 &#8211; Cosenza &#8211; Congresso scientifico &#8211; 9 ECM<\/strong><\/p>\n\n\n\n<p>Il 17 ottobre 2019&nbsp; si svolger\u00e0 presso il Chiostro di San Domenico in Cosenza il Congresso scientifico dal titolo &#8220;L&#8217;alimentazione come strumento di prevenzione&#8221;.<\/p>\n\n\n\n<p>La partecipazione prevede il riconoscimento di&nbsp; 9 ECM secondo quanto scritto in programma.<\/p>\n\n\n\n<p>Per info e iscrizioni rimandiamo al seguente&nbsp;<a href=\"https:\/\/www.convegnipandosia.it\/?p=417\">link<\/a><\/p>\n\n\n\n<figure class=\"wp-block-image\"><img decoding=\"async\" src=\"http:\/\/www.ordinechimicicalabria.it\/portale2018\/2019\/Locandina%20evento%2017.10.19.jpg\" alt=\"\"\/><\/figure>\n\n\n\n<p>3-4&nbsp;<strong>ottobre 2019 &#8211; Lamezia Terme &#8211; Convegno 7^Incontri Mediterranei di igiene industriale<\/strong><\/p>\n\n\n\n<p>Il 3 e il 4 ottobre a Lamezia Terme presso lil Grand Hotel Lamenza (di fronte stazione di Lamezia Terme Centrale) si terr\u00e0 la settima edizione del Convegno &#8220;Incontri Mediterranei di igiene industriale &#8211; Inquinamento Indoor ed Outdoor: valutazione dei rischi figure e competenze&#8221;. La partecipazione comporta l&#8217;assegnazione di ECM per Chimici e Fisici secondo le modalita indicate in locandina.<\/p>\n\n\n\n<p>Per maggiori informazioni o per iscrivervi , vi invitiamo a&nbsp;<a href=\"http:\/\/www.ordinechimicicalabria.it\/portale2018\/2019\/7_incontri_aidii_sud_2019_5.pdf\">scaricare la locandina<\/a>&nbsp;o a visitare il sito&nbsp;<a href=\"http:\/\/www.aidii.it\/7-incontri-mediterranei\/\">http:\/\/www.aidii.it\/7-incontri-mediterranei<\/a>\/<\/p>\n\n\n\n<p><strong>30 11 2018&nbsp;<\/strong><strong>Assemblea Annuale dell&#8217;Ordine dei Chimici e dei Fisici della Calabria, Lamezia Terme (CZ02_2018)<\/strong><\/p>\n\n\n\n<p><strong>Sabato 15 dicembre 2018<\/strong>, c\/o Grand Hotel Lamezia, a Lamezia Terme, si terr\u00e0 l&#8217;Assemblea Annuale dell&#8217;Ordine dei Chimici e dei fisici della Calabria. L&#8217;evento quest&#8217;anno sar\u00e0 centrato sulle novit\u00e0 scaturite dalla Legge 3\/2018 e dal passaggio sotto l&#8217;egida del Ministero della Salute come Professione Sanitaria.<\/p>\n\n\n\n<p>Si invitano tutti gli Iscritti a partecipare<\/p>\n\n\n\n<p>Vi invitiamo ad andare sul&nbsp;<a href=\"http:\/\/formazione.chimici.it\/Chimici\/dettaglioEvento.public?id=8316&amp;page=1&amp;rowsPerPage=30\">portale della formazione per iscrivervi<\/a><\/p>\n\n\n\n<p><strong>30 11 2018 Evento&nbsp;<\/strong><strong>formativo Aree Naturali Protette &#8211; Tutela Anbientale, Cosenza (CS04_2018)<\/strong><\/p>\n\n\n\n<p><strong>Giovedi 6 dicembre&nbsp;<\/strong>a Cosenza, c\/o la Sala Petraglia della CCIAA in via Calabria 33, si terr\u00e0 l&#8217;evento formativo Organizzato in Collaborazione con la Camera di Commercio di Cosenza, sul tema delle Aree Naturali Protette, ambito tutela ambientale.<\/p>\n\n\n\n<p>Ai partecipanti, previa iscrizione sul Portale della Formazione, saranno riconosciuti i crediti formativi.<\/p>\n\n\n\n<p>Vi invitiamo a&nbsp;<a href=\"http:\/\/www.ordinechimicicalabria.it\/portale2018\/allegati-formazione\/formazione2018\/CS04_2018%20Aree%20Naturali%20Protette%20Programma.pdf\">scaricare il programma<\/a>&nbsp;per maggiori informazioni o ad andare sul&nbsp;<a href=\"http:\/\/formazione.chimici.it\/Chimici\/dettaglioEvento.public?id=8317&amp;page=1&amp;rowsPerPage=30\">portare della formazione per iscrivervi<\/a><\/p>\n\n\n\n<p><strong>28 11 2018&nbsp;<\/strong><strong>FORMAZIONE ECM, Equiparazione CFP anni 2017-2018<\/strong><\/p>\n\n\n\n<p>Si pubblica il Prot. 1507\/18\/fncf\/fta del 23 novembre 2018, trasmesso dalla Federazione Nazionale degli Ordini dei Chimici e dei Fisici in merito alla Formazione Continua.<\/p>\n\n\n\n<p>Dall\u2019entrata in vigore della Legge 3\/2018, la Formazione Continua \u00e8 valutata in termini di ECM. Come da protocollo allegato, l\u201911 e il 12 dicembre 2018, la Commissione Nazionale per la Formazione Continua ed Agenas presenteranno ai provider e agli operatori sanitari le normative di recente adozione. Successivamente, e in attuazione dell\u2019Accordo Stato Regioni del 2017, saranno pubblicati:<\/p>\n\n\n\n<p>&#8211;&nbsp;&nbsp;&nbsp;&nbsp;&nbsp;&nbsp;&nbsp;&nbsp;&nbsp; il &#8220;Manuale nazionale di accreditamento per l&#8217;erogazione di eventi ECM&#8221;;<\/p>\n\n\n\n<p>&#8211;&nbsp;&nbsp;&nbsp;&nbsp;&nbsp;&nbsp;&nbsp;&nbsp;&nbsp; il &#8220;Manuale sulla formazione continua del professionista sanitario&#8221;;<\/p>\n\n\n\n<p>&#8211;&nbsp;&nbsp;&nbsp;&nbsp;&nbsp;&nbsp;&nbsp;&nbsp;&nbsp; il dossier formativo e l\u2019impatto sulla formazione continua della legge n. 3 del 2018;<\/p>\n\n\n\n<p>Con la pubblicazione di tali documenti si conosceranno gli obblighi formativi a decorrere dal 1 gennaio 2019 e la FNCF potr\u00e0 quindi predisporre delle linee guida per gli Ordini Territoriali e delle informative per gli iscritti sulla nuova modalit\u00e0 di formazione.<\/p>\n\n\n\n<p>&nbsp;In base a quanto anticipato dalla Federazione sull\u2019equiparazione CFP-ECM,&nbsp;invitiamo tutti i Colleghi Iscritti ad inserire, possibilmente entro il 15 dicembre, su Cogeaps le attivit\u00e0 formative svolte nel 2018 con i corrispondenti CFP, ed a verificare&nbsp;(ed eventualmente integrare)&nbsp;la formazione effettuata nell\u2019anno 2017.<\/p>\n\n\n\n<p>Si ricorda che, tra gli altri, sono considerati attivit\u00e0 formative:<\/p>\n\n\n\n<p>&#8211;&nbsp;&nbsp;&nbsp;&nbsp;&nbsp;&nbsp;&nbsp;&nbsp;&nbsp; lo studio individuale (studio di leggi, norme, ISO.. e studio di articoli scientifici;<\/p>\n\n\n\n<p>&#8211;&nbsp;&nbsp;&nbsp;&nbsp;&nbsp;&nbsp;&nbsp;&nbsp;&nbsp; la partecipazione a corsi non autorizzati, su temi attinenti la professione del Chimico, purch\u00e9 si alleghi attestato di partecipazione;<\/p>\n\n\n\n<p>Si ricorda infine che possono essere inserite esclusivamente le attivit\u00e0 formative svolte successivamente all&#8217;Iscrizione all&#8217;Ordine<\/p>\n\n\n\n<p>Rimanendo a disposizione per qualsiasi necessit\u00e0 di ulteriore chiarimento<\/p>\n\n\n\n<p><a href=\"http:\/\/www.ordinechimicicalabria.it\/portale2018\/allegati\/2018%20II\/20181123_%201507_a%20tutti%20gli%20Ordini_%20formazione%20ECM.pdf\">scarica il documento della Federazione<\/a><\/p>\n\n\n\n<p><strong>03 11 2018 Risposta Ministero della Salute su Decorrenza Obbligo Iscrizione all&#8217;Albo dei Fisici<\/strong><\/p>\n\n\n\n<p>Si Pubblica in allegato la risposta del Ministero della Salute all&#8217;Interpello della Federazione Nazionale degli Ordini dei Chimici e dei Fisici sulla decorrenza dell&#8217;obbligo di iscrizione all&#8217;Albo dei Fisici<\/p>\n\n\n\n<p><a href=\"http:\/\/www.ordinechimicicalabria.it\/portale2018\/allegati\/2018%20II\/Risposta%20decorrenza%20obbligo%20iscrizione_Principale_0049054-12_10_2018-DGPROF-MDS-P.pdf\">scarica il documento<\/a><\/p>\n\n\n\n<h4><strong>11 07 2018 Aggiornamento Modulistica e disposizioni transitorie per iscrizione all&#8217;Ordine Regionale dei Chimici e dei Fisici della Calabria<\/strong><\/h4>\n\n\n\n<p><strong>In seguito alla pubblicazione dei seguenti:<\/strong><\/p>\n\n\n\n<p><strong>*&nbsp;<\/strong><a href=\"http:\/\/www.ordinechimicicalabria.it\/portale2018\/allegati\/2018%20II\/Legge%203-2018%20dell'11.01.2018%20GU%2025.pdf\"><strong>Legge 11 gennaio 2018 n\u00b03 recante &#8220;Delega al Governo in materia di sperimentazione clinica di medicinali nonch\u00e8 disposizioni per il riordino delle professioni sanitarie e per la dirigenza danitaria del Ministero della Salute&#8221;<\/strong><\/a><\/p>\n\n\n\n<p><strong>*&nbsp;<\/strong><a href=\"http:\/\/www.ordinechimicicalabria.it\/portale2018\/allegati\/2018%20II\/copia%20conforme%20decreto%20Chimici%20e%20Fisici.pdf\"><strong>Decreto del Ministro della Salute del 23 marzo 2018 recante &#8220;Ordinamento della professione di Chimico e Fisico&#8221; pubblicato in G.U. 128 del 5 giugno 2018<\/strong><\/a><\/p>\n\n\n\n<p><strong>*&nbsp;<\/strong><a href=\"http:\/\/www.ordinechimicicalabria.it\/portale2018\/allegati\/2018%20II\/Regolamento%20Federazione_08062018.pdf\"><strong>Regolamento di attuazione del decreto del Ministero della Salute del 23 marzo 2018 pubblicato in GU n\u00b0 128 del 05 06 2018<\/strong><\/a><\/p>\n\n\n\n<p><strong>&nbsp;l&#8217;<em>Ordine Regionale dei Chimici della Calabria<\/em>&nbsp;\u00e8 diventato&nbsp;Ordine Regionale dei Chimici e dei Fisici della Calabria.<\/strong><\/p>\n\n\n\n<p><strong>La&nbsp;<a href=\"http:\/\/www.ordinechimicicalabria.it\/portale2018\/modulistica.html\">modulistica<\/a>&nbsp;presente nel nostro sito istituzionale \u00e8 in continuo aggiornamento, in attesa della pubblicazione dei prossimi e imminenti decreti attuativi e delle disposizioni della Federazione Nazionale dei Chimici e dei Fisici, soprattutto in merito alla Formazione Professionale Continua e all&#8221;Esame di Abilitazione all&#8217;esercizio della Professione di Chimico e Fisico.<\/strong><\/p>\n\n\n\n<p><strong>L&#8217;Albo \u00e8 composto da quattro sezioni:&nbsp; Sezione A- Chimica; Sezione B &#8211; Chimica; Sezione A &#8211; Fisica; sezione B &#8211; Fisica<\/strong><\/p>\n\n\n\n<p><strong>In accordo con le Norme Transitorie&nbsp;<\/strong><em><strong>(Articolo 6 Comma 4 del Decreto del Min.Sal. del 23.03.2018<\/strong><\/em><strong>) \u00e8 attualmente possibile iscriversi nelle rispottive Sezioni se in possesso di particolari requisiti (ad es. 5 anni di comprovat\u00e0 attivit\u00e0 come professore\/ricercatore universitario, dipendente\/dirigente comparto sanit\u00e0 o altri comparti nel profilo professionale di Chimico\/Fisico)<\/strong><\/p>\n\n\n\n<p><strong>I Chimici gi\u00e0 iscritti all&#8217;Albo&nbsp; alla data del 5.6.2018 sono confluiti nelle rispettive sezione A e Sezione B &#8211; Chimica, conservando il proprio numero di iscrizione.<\/strong><\/p>\n\n\n\n<p>Per qualsiasi dubbio o necessit\u00e0 vi invitiamo a scriverci su&nbsp;<a href=\"mailto:info@ordinechimicicalabria.it\">info@ordinechimicicalabria.it<\/a><a href=\"http:\/\/www.ordinechimicicalabria.it\/portale2018\/news2018-2019.html#iniziopagina\">torna su<\/a><\/p>\n\n\n\n<h4>26 06 2018 Modifica Modulistica Prevenzione Incendi<\/h4>\n\n\n\n<p>Si trasmette il \u201cDecreto di modifica della modulistica di presentazione delle istanze, delle segnalazioni e delle dichiarazioni, prevista nel decreto del Ministero dell\u2019Interno 7 agosto 2012\u201d (DCPST n. 72) del Ministero dell\u2019Interno, Dipartimento dei Vigili del Fuoco, del Soccorso Pubblico e della Difesa Civile \u2013 Direzione centrale per la prevenzione e la sicurezza tecnica e la modulistica per gli adempimenti di prevenzione incendi cos\u00ec come modificata che dovr\u00e0 essere adottata obbligatoriamente dall\u201911 giugno 2018.<br>I modelli saranno resi disponibili anche, in formato editabile, nell\u2019apposita sezione dedicata alla modulistica presente nel sito istituzionale&nbsp;<a href=\"http:\/\/www.vigilfuoco.it\/\">www.vigilfuoco.it<\/a>&nbsp;<a href=\"http:\/\/www.ordinechimicicalabria.it\/portale2018\/allegati\/2018%20II\/Allegati.rar\">SCARICA la nuova modulistica<\/a>Si trasmette il \u201cDecreto di modifica della modulistica di presentazione delle istanze, delle segnalazioni e delle dichiarazioni, prevista nel decreto del Ministero dell\u2019Interno 7 agosto 2012\u201d (DCPST n. 72) del Ministero dell\u2019Interno, Dipartimento dei Vigili del Fuoco, del Soccorso Pubblico e della Difesa Civile \u2013 Direzione centrale per la prevenzione e la sicurezza tecnica e la modulistica per gli adempimenti di prevenzione incendi cos\u00ec come modificata che dovr\u00e0 essere adottata obbligatoriamente dall\u201911 giugno 2018. I modelli saranno resi disponibili anche, in formato editabile, nell\u2019apposita sezione dedicata alla modulistica presente nel sito istituzionale&nbsp;<a href=\"http:\/\/www.vigilfuoco.it\/\">www.vigilfuoco.it<\/a><\/p>\n\n\n\n<p><a href=\"file:\/\/\/D:\/portale2018\/allegati\/2018%20II\/Allegati.rar\">SCARICA la nuova modulistica prevenzione incendi<\/a><\/p>\n\n\n\n<h4>04 06 2018 Ordinamento delle Professioni di Chimico e Fisico &#8211; Prossima Pubblicazione del Decreto 23 Marzo 2018<\/h4>\n\n\n\n<h4>AVVISO<\/h4>\n\n\n\n<p>ll decreto attuativo che definisce il nostro nuovo Ordinamento professionale \u00e8 stato trasmesso alla Gazzetta Ufficiale per la relativa pubblicazione, che avverr\u00e0 nel corso di questa settimana.<br>Si tratta del Decreto del Ministero della Salute firmato dal Ministro Lorenzin in data 23 maggio 2018, trasmesso poi alla Corte dei Conti e registrato dalla stessa in data 17 maggio 2018.<br>Tra le molte le novit\u00e0 che interessano la nostra professione, si evidenzia:<br><strong>&#8211; ORDINI DEI CHIMICI E FISICI<\/strong><\/p>\n\n\n\n<p>\u2022 gli Ordini dei Chimici diventano \u201cOrdini dei Chimici e dei Fisici\u201d<\/p>\n\n\n\n<p><strong>&#8211; UN UNICO ALBO PROFESSIONALE PER CHIMICI E FISICI<\/strong><\/p>\n\n\n\n<p>\u2022 \u00e8 istituito l\u2019Albo unico professionale dei Chimici e dei Fisici, al cui interno sono istituite la sezione A e la sezione B. Ciascuna sezione \u00e8 ripartita nei seguenti settori: \u00abChimica\u00bb e \u00abFisica\u00bb, nel rispetto delle previsioni dell\u2019articolo 3 del regolamento di cui al decreto del Presidente della Repubblica 5 giugno 2001, n. 328<\/p>\n\n\n\n<p>\u2022 l\u2019Albo dell\u2019Ordine dei Chimici \u2013 Sezione A confluisce nell\u2019\u00abAlbo degli Ordini dei Chimici e dei Fisici \u2013 sezione A \u2013 settore Chimica\u00bb. In modo analogo anche per la sezione B. I Chimici gi\u00e0 iscritti conservano tutti i diritti acquisiti, ivi inclusa l\u2019anzianit\u00e0 di iscrizione<\/p>\n\n\n\n<p>\u2022 vi sar\u00e0 la possibilit\u00e0 di fare annotare \u2013 e dunque rendere pubbliche &#8211; nell\u2019Albo le eventuali specializzazioni possedute<\/p>\n\n\n\n<p>\u2022 un Albo unico con numerazione progressiva per iscritti Chimici e Fisici<\/p>\n\n\n\n<p><strong>&#8211; SI AMPLIA NOTEVOLMENTE LA ROSA DELL\u2019OBBLIGO DI ISCRIZIONE<\/strong><\/p>\n\n\n\n<p>\u2022 essendo professionisti sanitari la mancanza di iscrizione si configura come abuso professionale con correlate conseguenze.<\/p>\n\n\n\n<p>\u2022 \u201cAi fini dell\u2019esercizio delle professioni di Chimico e di Fisico, in forma individuale, associata o societaria, sia nell\u2019ambito di un rapporto di lavoro subordinato o parasubordinato con soggetti pubblici o privati, sia nell\u2019ambito di un rapporto di lavoro autonomo o di prestazione d\u2019opera con soggetti pubblici o privati, anche ove tali rapporti siano saltuari e\/o occasionali ed indipendentemente dalla tipologia contrattuale, \u00e8 obbligatoria l\u2019iscrizione all\u2019Albo come previsto dall\u2019art. 5, comma 2, del decreto legislativo del Capo provvisorio dello Stato 13 settembre 1946, n. 233, e successive modificazioni\u201d<\/p>\n\n\n\n<p><strong>&#8211; PERIODO TRANSITORIO PER ISCRIVERSI<\/strong><\/p>\n\n\n\n<p>\u2022 previsto un periodo transitorio per permettere l\u2019iscrizione dei Fisici e dei Chimici che attualmente non sono iscritti e che hanno obbligo di iscrizione<\/p>\n\n\n\n<p><strong>&#8211; SIGILLO PROFESSIONALE<\/strong><\/p>\n\n\n\n<p>\u2022 per la prima volta compare una norma che cita l\u2019uso del \u201csigillo professionale\u201d: \u201cl\u2019iscritto all\u2019Albo pu\u00f2 richiedere all\u2019Ordine di iscrizione il rilascio del sigillo professionale e\/o la firma digitale di ruolo\u201d<\/p>\n\n\n\n<p><strong>&#8211; CONFERMATI I CONSIGLI DI DISCIPLINA in carica per un periodo transitorio<\/strong>&nbsp;fino all\u2019adozione, da parte del Ministero della salute, dei regolamenti di cui al decreto legislativo del Capo provvisorio dello Stato 13 settembre 1946, n. 233<\/p>\n\n\n\n<p>Inizia ora un periodo nuovo per la nostra professione di Chimico e di Fisico, una svolta epocale che permetta di valorizzare entrambe le professioni.<\/p>\n\n\n\n<p>Il Presidente della Federazione Nazionale degli Ordini dei Chimici e dei Fisici<br>Dott. Chim. Orlandi Nausicaa<\/p>\n\n\n\n<p><a href=\"http:\/\/www.ordinechimicicalabria.it\/portale2018\/allegati\/2018%20II\/copia%20conforme%20decreto%20Chimici%20e%20Fisici.pdf\">Scarica il testo del Decreto Attuativo<\/a>&nbsp;<\/p>\n\n\n\n<h4>25 05 2018 Informativa sul trattamento dei Dati<\/h4>\n\n\n\n<p>Il 25 maggio 2018 \u00e8 entrato in vigore la nuova normativa per la protezione dei dati personali: il Regolamento UE 2016\/679, noto come GDPR (General Data Protection Regulation), entrer\u00e0 in vigore in tutti gli Stati dell\u2019eurozona.&nbsp;<br>Con il nuovo Regolamento molti aspetti di carattere normativo si semplificano e la gestione della Privacy assume caratteristiche pi\u00f9 utili.&nbsp;<\/p>\n\n\n\n<p>&nbsp;Nell\u2019ottica della maggiore attenzione nei confronti del trattamento dei dati personali comunichiamo quanto segue:<\/p>\n\n\n\n<p>&nbsp;Anche in seguito alle novit\u00e0 sul trattamento dei dati personali resta ferma titolarit\u00e0 del responsabile del trattamento dei dati personali in capo al Presidente dell\u2019Ordine, in qualit\u00e0 di legale rappresentante dell\u2019Ente.<\/p>\n\n\n\n<p>&nbsp;La tipologia dei dati trattati \u00e8 quella richiesta all\u2019atto dell&#8217;iscrizione all&#8217;Albo ed il trattamento dei dati \u00e8 limitato a quanto strettamente necessario per le finalit\u00e0 connesse all\u2019iscrizione all\u2019albo, nonch\u00e9 alle comunicazioni per cui si \u00e8 data autorizzazione con la sottoscrizione della domanda di iscrizione.<\/p>\n\n\n\n<p>&nbsp;I dati sono trattati con il supporto di mezzi informatici e telematici e sono protetti attraverso adeguate misure di sicurezza idonee a garantirne la riservatezza e la integrit\u00e0, utili a proteggere i dati contro la perdita, il furto, nonch\u00e9 l&#8217;uso, la divulgazione o la modifica non autorizzata.<\/p>\n\n\n\n<p>&nbsp;I dati potranno essere comunicati a:<\/p>\n\n\n\n<p>a) persone, societ\u00e0 o studi professionali che prestano attivit\u00e0 di assistenza e consulenza all&#8217;Ordine di appartenenza in materia contabile, amministrativa, legale, tributaria e finanziaria, delegati a tal fine a specifiche attivit\u00e0 di trattamento e debitamente nominati quali Responsabili del Trattamento ai sensi dell\u2019art. 28 del Regolamento privacy, conformemente alla normativa applicabile, e limitatamente alle finalit\u00e0 delle prestazioni professionali richieste e necessarie;<\/p>\n\n\n\n<p>b) soggetti, enti o autorit\u00e0 a cui la comunicazione dei dati sia obbligatoria in per legge o per dare esecuzione a ordini delle Autorit\u00e0<\/p>\n\n\n\n<p>c) soggetti delegati e\/o incaricati da dall\u2019Ordine dei Chimici e dei Fisici della Calabria per svolgere attivit\u00e0 strettamente correlate all&#8217;erogazione del servizio richiesto e alla manutenzione tecnica (inclusa la manutenzione degli apparati di rete e delle reti di comunicazione elettronica),<\/p>\n\n\n\n<p>d) incaricati di specifiche attivit\u00e0 di trattamento e nominati responsabili del trattamento conformemente alla normativa applicabile all\u2019Ente;<\/p>\n\n\n\n<p>e) responsabili delle piattaforma informatiche e fornitori mediante i quali sono erogati i servizi da te richiesti o incaricati di specifiche attivit\u00e0 di trattamento e debitamente nominati quali Responsabili del Trattamento.<\/p>\n\n\n\n<p>A tutela dei diritti di protezione dati personali segnaliamo il seguente link: &nbsp;<a href=\"http:\/\/www.garanteprivacy.it\/home\/diritti\">http:\/\/www.garanteprivacy.it\/home\/diritti<\/a><\/p>\n\n\n\n<p>&nbsp;La presente informativa, presente nella pagina&nbsp;<a href=\"http:\/\/www.ordinechimicicalabria.it\/portale2018\/privacy.html\">privacy<\/a>&nbsp;del sito istituzionale, pu\u00f2 subire modifiche nel tempo \u2013 anche connesse all\u2019eventuale entrata in vigore di nuove normative di settore, all\u2019aggiornamento o erogazione di nuovi servizi ovvero ad intervenute innovazioni tecnologiche.<\/p>\n\n\n\n<h4>24&nbsp;05 2018 Responsabile della Protezione dei Dati<\/h4>\n\n\n\n<p>L\u2019Ordine dei Chimici e dei Fisici della Calabria ha nominato, con delibera del Consiglio Direttivo del 24.05.2018, l&#8217;Avv. Filomena Pirrello quale Responsabile della protezione dei dati personali in conformit\u00e0 agli artt. 37 ss. del Regolamento privacy. Il Responsabile pu\u00f2 essere contattato al seguente indirizzo di posta elettronica:&nbsp;<a href=\"mailto:rdp@ordinechimicicalabria.it\">rpd@ordinechimicicalabria.it<\/a><\/p>\n\n\n\n<p>17 05 2018&nbsp;<strong>21 maggio 2018 Rende,&nbsp;Evento &#8220;La Chimica e le Tecnologie Chimiche: formazione_ricerca_lavoro&#8221;, 3\u00b0 edizione, 5 CFP<\/strong><\/p>\n\n\n\n<p><strong>Luned\u00ec 21 Maggio 2018&nbsp;<\/strong>dalle ore 8:45 alle ore 13:45 ca. si terr\u00e0 a Rende c\/o Sala \u201cUniversity Club\u201d (di Fronte Canca d&#8217;Oro) Ponte Pietro Bucci dell&#8217;Universit\u00e0 della Calabria, la terza edizione dell&#8217;Evento &#8220;La Chimica e le Tecnologie Chimiche: formazione_ricerca_lavoro&#8221;. La partecipazione \u00e8 gratuita e comporta l&#8217;assegnazione di 5 CFP&nbsp; per i partecipanti iscritti all&#8217;Ordine dei Chimici, previa registrazione sul portale della formazione.<\/p>\n\n\n\n<p><strong><em>L&#8217;Evento di quest&#8217;anno sar\u00e0 dedicato alla Memoria della Professoressa Raffaella Porto.<\/em><\/strong><\/p>\n\n\n\n<p>Per maggiori informazioni e per iscrivervi, vi invitiamo a&nbsp;<a href=\"http:\/\/www.ordinechimicicalabria.it\/portale2018\/allegati-formazione\/formazione2018\/CS03_2018%20Evento_CTC_2018.pdf\">scaricare la locandina&nbsp;<\/a>o andare sul Portale della Formazione al seguente indirizzo:&nbsp;&nbsp;<a href=\"http:\/\/formazione.chimici.it\/Chimici\/dettaglioEvento.public?id=8000&amp;page=1&amp;rowsPerPage=30\">http:\/\/formazione.chimici.it\/Chimici\/dettaglioEvento.public?id=8000&amp;page=1&amp;rowsPerPage=30<\/a>&nbsp;&nbsp;<\/p>\n\n\n\n<p>17 5 2018&nbsp;<strong>21-22 giugno 2018 ROMA,&nbsp;<em>VI Workshop&nbsp;&#8211; Applicazioni della Risonanza Magnetica nella Scienza degli Alimenti, 16 CFP<\/em><\/strong><\/p>\n\n\n\n<p>Il 21-&nbsp;22 giugno 2018, presso il Dipartimento di Chimica e Tecnologie del Farmaco della Facolt\u00e0 di Farmacia e Medicina, Sapienza &#8211; Universit\u00e0 di Roma, si terr\u00e0 il&nbsp;<em>VI Workshop&nbsp;&#8211; Applicazioni della Risonanza Magnetica nella Scienza degli Alimenti,<\/em>&nbsp;organizzato dal Gruppo Italiani Discussione Risonanze Magnetiche (GIDRM)<\/p>\n\n\n\n<p>Lo scopo del workshop \u00e8 quello di mostrare la potenzialit\u00e0 della spettroscopia NMR (in soluzione, allo stato solido in alta e bassa risoluzione) nello studio degli alimenti. Saranno confrontati i risultati ottenuti in questo settore utili per promuovere sistemi di certificazione di qualit\u00e0 e tracciabilit\u00e0 vantaggiosi nelle strategie di difesa del consumatore e nelle azioni di marketing nazionale ed internazionale dei prodotti alimentari.<\/p>\n\n\n\n<p>Per maggiori informazioni vi invitiamo a&nbsp;<a href=\"http:\/\/www.ordinechimicicalabria.it\/portale2018\/allegati-formazione\/formazione2018\/Locandina%20workshop%20NMR%20Alimenti%202018.pdf\">scaricare la locandina<\/a>&nbsp;o ad andare su:&nbsp;<a href=\"http:\/\/www.chimici.it\/\" target=\"_blank\" rel=\"noreferrer noopener\">www.chimici.it<\/a>,&nbsp;<a href=\"http:\/\/www.gidrm.org\/\" target=\"_blank\" rel=\"noreferrer noopener\">http:\/\/www.gidrm.org<\/a><\/p>\n\n\n\n<p>L\u2019evento \u00e8 sponsorizzato dalla Federazione Nazionale degli Ordini dei Chimici e dei Fisici e saranno concessi 16 CFP per gli iscritti all\u2019Albo dei Chimici che parteciperanno.<\/p>\n\n\n\n<p><strong>29 4&nbsp;2018&nbsp;<\/strong>5 maggio 2018 Reggio Calabria&nbsp;<strong>La responsabilit\u00e0 professionale e la nuova legge dalla teoria alla pratica<\/strong><\/p>\n\n\n\n<p>Si informano gli interessati che il 5 maggio 2018 di terr\u00e0 a Reggio Calabria il convegno sul tema &#8220;<strong>La responsabilit\u00e0 professionale e la nuova legge dalla teoria alla pratica&#8221;.&nbsp;<\/strong>La partecipazione \u00e8 gratuita e comporta l&#8217;assegnazione di ECM secondo le modalit\u00e0 indicate dagli organizzatori.<\/p>\n\n\n\n<p>Per maggiori informazioni vi invitiamo a&nbsp;<a href=\"http:\/\/www.ordinechimicicalabria.it\/portale2018\/allegati-formazione\/formazione2018\/Locandina%20La%20responsabilit%C3%A0%20professionale%20e%20la%20nuova%20legge%20dalla%20teoria%20alla%20pratica,%205%20maggio.jpg\">scaricare la locandina<\/a>&nbsp;dell&#8217;evento.<\/p>\n\n\n\n<p><strong>12 4&nbsp;2018 Quota Iscrizione anno 2018<\/strong><\/p>\n\n\n\n<p><strong>AVVISO<\/strong><\/p>\n\n\n\n<p>Si ricorda a tutti gli iscritti che il termine per il pagamento della quota annuale all&#8217;Ordine dei Chimici della Caalbria \u00e8 scaduto il 15 marzo 2018. I versamenti effettuati dopo tale data dovranno essere integrati con la mora di 10 euro (totale 100 euro).<\/p>\n\n\n\n<p><strong>Chi ad oggi non ha ricevuto il bollettino \u00e8 invitato a contattare la segreteria con la massima urgenza.<\/strong><\/p>\n\n\n\n<p><strong>06 4&nbsp;2018 Rende,&nbsp;<\/strong>Corso di Formazione Profesisonale&nbsp;<strong>&#8220;REACH e CLP&#8221;, 4 CFP<\/strong><\/p>\n\n\n\n<p><strong>Sabato 21 Aprile 2018&nbsp;<\/strong>dalle ore 9:00 alle ore 13:00 ca. si terr\u00e0 a Rende c\/o Aula B4 Cubo 5C, 4\u00b0 piano (ponte carrabile), del Dipartimento di Biologia, Ecologia e Scienze della Terra dell&#8217;Universit\u00e0 della Calabria, la seconda edizione del corso &#8220;REACH e CLP&#8221;. La quota di iscrizione \u00e8 di 45 euro e comporta l&#8217;assegnazione di 4 CFP&nbsp; per i partecipanti iscritti all&#8217;Ordine dei Chimici, previa registrazione sul portale della formazione.<\/p>\n\n\n\n<p>Per maggiori informazioni e per iscrivervi, vi invitiamo ad andare sul Portale della Formazione al seguente indirizzo:&nbsp;&nbsp;<\/p>\n\n\n\n<p><a href=\"http:\/\/formazione.chimici.it\/Chimici\/dettaglioEvento.public?id=7885&amp;page=1&amp;rowsPerPage=30\">http:\/\/formazione.chimici.it\/Chimici\/dettaglioEvento.public?id=7885&amp;page=1&amp;rowsPerPage=30<\/a><\/p>\n\n\n\n<figure class=\"wp-block-image\"><a href=\"http:\/\/www.ordinechimicicalabria.it\/portale2018\/allegati-formazione\/formazione2018\/CS02-2018%20Reach%20e%20CLP,%204%20CFP%2021%20aprile%202018.pdf\"><img decoding=\"async\" src=\"http:\/\/www.ordinechimicicalabria.it\/portale2018\/allegati-formazione\/formazione2018\/CS02-2018%20Reach%20e%20CLP,%204%20CFP%2021%20aprile%202018.jpg\" alt=\"\"\/><\/a><\/figure>\n\n\n\n<p><a href=\"http:\/\/www.ordinechimicicalabria.it\/portale2018\/news2018-2019.html#iniziopagina\">torna su<\/a><\/p>\n\n\n\n<p><strong>05&nbsp;4 2018 Nuova denominazione del Consiglio Nazionale dei Chimici<\/strong><\/p>\n\n\n\n<p>A TUTTI GLI ISCRITTI<\/p>\n\n\n\n<p>Si comunica che, per gli effetti della Legge n. 3 dell\u201911 gennaio 2018, il Consiglio Nazionale dei Chimici ha assunto la denominazione d<strong>i:&nbsp;Federazione Nazionale degli Ordini dei Chimici e dei Fisici<br><\/strong>La sede legale \u00e8, come la sede operativa, in Piazza San Bernardo 106 a Roma.<br>Il codice fiscale, la Partita I.V.A., i numeri telefonici, gli indirizzi e-mail e PEC e sito internet rimangono invariati.<\/p>\n\n\n\n<p><strong>19&nbsp;3 2018 Riscossione Quota annuale al Consiglio Nazionale dei Chimici &#8211; anno 2018<\/strong><\/p>\n\n\n\n<p>A TUTTI GLI ISCRITTI<\/p>\n\n\n\n<p>A partire dal&nbsp;<strong>14 marzo 2018<\/strong><strong>&nbsp; ed entro il 07 aprile 2018<\/strong>&nbsp;\u00e8 possibile procedere al pagamento della quota di iscrizione annuale, relativa al Consiglio Nazionale dei Chimici, con un sistema innovativo e flessibile, attivabile direttamente dal portale del sito del Consiglio Nazionale dei Chimici, cliccando sul relativo banner, o collegandosi al seguente link&nbsp;<a href=\"http:\/\/www.chimpay.it\/\"><strong>www.chimpay.it<\/strong><\/a><strong>.<\/strong><\/p>\n\n\n\n<p>L&#8217;importo per il 2018, invariato rispetto all&#8217;anno precedente \u00e8:<\/p>\n\n\n\n<p>&#8211;&nbsp;<strong>100,00 Euro,<\/strong>&nbsp;comprensivo di diritti di segreteria e rimborsi spese di esazione, per le persone fisiche;<\/p>\n\n\n\n<p>&#8211;&nbsp;<strong>200,00 Euro<\/strong>&nbsp;per le Societ\u00e0 tra Professionisti (STP) iscritte nell&#8217;Albo.<\/p>\n\n\n\n<p>Dopo&nbsp;<strong>07 APRILE &nbsp;2018<\/strong>&nbsp;\u00e8 dovuta, in aggiunta agli importi sopra indicati, la&nbsp;sanzione&nbsp;per ritardato pagamento, pari a&nbsp;10,00 Euro.<\/p>\n\n\n\n<p>Tale piattaforma consentir\u00e0 di selezionare diverse modalit\u00e0 di pagamento, permettendo di sceglere tra le seguenti opzioni:&nbsp;<\/p>\n\n\n\n<p>1)addebito diretto (SEPA) con domiciliazione su conto corrente;<\/p>\n\n\n\n<p>2)carta di credito;<\/p>\n\n\n\n<p>3)&nbsp;conto PayPal;<\/p>\n\n\n\n<p>4)&nbsp;MAV elettronico.<\/p>\n\n\n\n<p>Per qualsiasi necessit\u00e0 o dubbio si prega di contattare il Consiglio Nazionale dei Chimici oppure il servizio assistenza presente sulla piattaforma.<\/p>\n\n\n\n<p><strong>16&nbsp;3 2018 Vibo Valentia&nbsp;<\/strong>Evento<strong>&nbsp;&#8220;EPAP DAY&#8221;, 4 CFP deontologici<\/strong><\/p>\n\n\n\n<p><strong>Venerd\u00ec 23 Marzo&nbsp;<\/strong>2018&nbsp;dalle ore 15:00 alle ore 19:00 ca. si terr\u00e0 a Vibo Valentia, c\/o Sistema Bibliotecario Vibonese in via Ruggero il Normanno, il quarto evento, co-organizzato dall&#8217;Ordine dei Chimici della Calabria, dal titolo&nbsp;&#8220;EPAP DAY&#8221;. La partecipazione \u00e8 gratuita e comporta l&#8217;assegnazione di 4 CFP deontologici per i partecipanti iscritti all&#8217;Ordine dei Chimici, previa registrazione sul portale della formazione.<\/p>\n\n\n\n<p>Per maggiori informazioni e per iscrivervi, vi invitiamo a&nbsp;<a href=\"http:\/\/www.ordinechimicicalabria.it\/portale2018\/allegati-formazione\/formazione2018\/VV01_2018%20programma_Vibo_Valentia.pdf\">scaricare la locandina<\/a>&nbsp;oppure ad andare sul Portale della Formazione al seguente indirizzo:<\/p>\n\n\n\n<p><a href=\"http:\/\/formazione.chimici.it\/Chimici\/dettaglioEvento.public?id=7808&amp;page=1&amp;rowsPerPage=30\">http:\/\/formazione.chimici.it\/Chimici\/dettaglioEvento.public?id=7808&amp;page=1&amp;rowsPerPage=30<\/a><\/p>\n\n\n\n<p><\/p>\n\n\n\n<p><strong>16&nbsp;<a>3<\/a>&nbsp;2018 Catanzaro&nbsp;<\/strong>Evento<strong>&nbsp;&#8220;EPAP DAY&#8221;, 4 CFP deontologici<\/strong><\/p>\n\n\n\n<p><strong>Gioved\u00ec 22 Marzo&nbsp;<\/strong>2018&nbsp;dalle ore 14:30 alle ore 18:30 ca. si terr\u00e0 a Catanzaro Lido, c\/o Grand Hotel Paradiso in viale Europa n\u00b02,&nbsp;il terzo&#8217;evento, co-organizzato dall&#8217;Ordine dei Chimici della Calabria, dal titolo&nbsp;&#8220;EPAP DAY&#8221;. La partecipazione \u00e8 gratuita e comporta l&#8217;assegnazione di 4 CFP deontologici per i partecipanti iscritti all&#8217;Ordine dei Chimici, previa registrazione sul portale della formazione.<\/p>\n\n\n\n<p>Per maggiori informazioni e per iscrivervi, vi invitiamo a&nbsp;<a href=\"http:\/\/www.ordinechimicicalabria.it\/portale2018\/allegati-formazione\/formazione2018\/CZ01_2018%20Epap%20Day.jpg\">scaricare la locandina<\/a>&nbsp;oppure ad andare sul Portale della Formazione al seguente indirizzo:<\/p>\n\n\n\n<p><a href=\"http:\/\/formazione.chimici.it\/Chimici\/dettaglioEvento.public?id=7807&amp;page=1&amp;rowsPerPage=30\">http:\/\/formazione.chimici.it\/Chimici\/dettaglioEvento.public?id=7807&amp;page=1&amp;rowsPerPage=30<\/a><\/p>\n\n\n\n<p><strong>11&nbsp;3 2018 Catanzaro e Vibo Valentia&nbsp;<\/strong>Eventi<strong>&nbsp;&#8220;EPAP DAY&#8221;, 4 CFP deontologici<\/strong><\/p>\n\n\n\n<p><strong>Gioved\u00ec 22 Marzo,<\/strong>&nbsp;a Catanzaro,&nbsp;<strong>e Venerd\u00ec 23 Marzo,<\/strong>&nbsp;a Vibo Valentia, si terranno il terzo e il quarto evento &#8221; Epap day&#8221;, co-organizzati dall&#8217;Ordine dei Chimici della Calabria. La partecipazione \u00e8 gratuita e comporta l&#8217;assegnazione di 4 CFP deontologici per i partecipanti iscritti all&#8217;Ordine dei Chimici, previa registrazione sul portale della formazione. A breve saranno pubblicati li link per l&#8217;iscrizione e le locandine degli eventi.<\/p>\n\n\n\n<p><\/p>\n\n\n\n<p><strong>11 3&nbsp;2018&nbsp;Manifestazione interesse per convegno sul tema delle materie prime secondarie (end of waste)<\/strong><\/p>\n\n\n\n<p><strong>AVVISO<\/strong><\/p>\n\n\n\n<p>L&#8217;Ordine dei Chimici della Calabria sta organizzando un evento gratuito sulla tematica delle materie prime secondarie, che si terr\u00e0 il 25 maggio. Si invitano pertanto tutte le aziende e i professionisti interessati, a inviarci una richiesta di partecipazione, come sponsor e\/o come relatori, scrivendo a&nbsp;<a href=\"mailto:info@ordinechimicicalabria.it\">info@ordinechimicicalabria.it<\/a>.<\/p>\n\n\n\n<p><strong>11&nbsp;3 2018<\/strong>&nbsp;<strong>Manifestazione di interesse per l&#8217;organizzazione di attivit\u00e0 formative gratuite per gli Iscritti all&#8217;Ordine dei Chimici della Calabria<\/strong><\/p>\n\n\n\n<p><strong>AVVISO<\/strong><\/p>\n\n\n\n<p>Al fine di garantire a tutti gli Iscritti la possibilit\u00e0 di formarsi adeguatamente sui differenti aspetti della Professione del Chimico, l&#8217;Ordine dei Chimici della Calabria invita tutte le aziende operanti nel settore Chimico e che sono interessate alla co-organizzazione di corsi di aggiornamento GRATUITI su aspetti pratico-tecnici e analitici-strumentali, ad&nbsp;<a href=\"http:\/\/www.ordinechimicicalabria.it\/portale2018\/allegati%20short%20list\">iscriversi alla nostra short list<\/a>&nbsp;e a contattarci, manifestando la propria disponibilit\u00e0, a&nbsp;<a href=\"mailto:info@ordinechimicicalabria.it\">info@ordinechimicicalabria.it<\/a><a href=\"http:\/\/www.ordinechimicicalabria.it\/portale2018\/news2018-2019.html#iniziopagina\">torna su<\/a><\/p>\n\n\n\n<p><strong>21&nbsp;2 2018 Crotone&nbsp;<\/strong>Evento<strong>&nbsp;&#8220;EPAP DAY&#8221;, 4 CFP deontologici<\/strong><\/p>\n\n\n\n<p><strong>Venerd\u00ec 23 Febbraio&nbsp;<\/strong>2018&nbsp;dalle ore 14:30 alle ore 19:30 ca. si terr\u00e0 a Crotone, c\/o Lido degli Scogli in Via Magna Grecia,&nbsp;l&#8217;evento, co-organizzato dall&#8217;Ordine dei Chimici della Calabria, dal titolo&nbsp;&#8220;EPAP DAY&#8221;. La partecipazione \u00e8 gratuita e comporta l&#8217;assegnazione di 4 CFP deontologici per i partecipanti iscritti all&#8217;Ordine dei Chimici, previa registrazione sul portale della formazione.<\/p>\n\n\n\n<p>Per maggiori informazioni e per iscrivervi, vi invitiamo a&nbsp;<a href=\"http:\/\/www.ordinechimicicalabria.it\/portale2018\/allegati-formazione\/formazione2018\/KR01-2018%20programma_Crotone%20EPAP%20DAY.pdf\">scaricare la locandina<\/a>&nbsp;oppure ad andare sul Portale della Formazione al seguente indirizzo:<\/p>\n\n\n\n<p><a href=\"http:\/\/formazione.chimici.it\/Chimici\/dettaglioEvento.public?id=7634&amp;page=1&amp;rowsPerPage=30\">http:\/\/formazione.chimici.it\/Chimici\/dettaglioEvento.public?id=7634&amp;page=1&amp;rowsPerPage=30<\/a><\/p>\n\n\n\n<p><\/p>\n\n\n\n<p><strong>14&nbsp;2 2018 Rende&nbsp;<\/strong>Evento<strong>&nbsp;&#8220;EPAP DAY&#8221;, 4 CFP deontologici<\/strong><\/p>\n\n\n\n<p><strong>Sabato 24 Febbraio&nbsp;<\/strong>2018&nbsp;dalle ore 14:30 alle ore 18:30 ca. si terr\u00e0 a Rende, presso Hotel Ariha in via Marconi, 59&nbsp;l&#8217;evento, co-organizzato dall&#8217;Ordine dei Chimici della Calabria, dal titolo&nbsp;&#8220;EPAP DAY&#8221;. La partecipazione \u00e8 gratuita e comporta l&#8217;assegnazione di 4 CFP deontologici per i partecipanti iscritti all&#8217;Ordine dei Chimici, previa registrazione sul portale della formazione.<\/p>\n\n\n\n<p>Per maggiori informazioni e per iscrivervi, vi invitiamo a&nbsp;<a href=\"http:\/\/www.ordinechimicicalabria.it\/portale2018\/allegati-formazione\/formazione2018\/CS01_2018%20Locandina%20EPAP%20DAY.pdf\">scaricare la locandina<\/a>&nbsp;oppure ad andare sul Portale della Formazione al seguente indirizzo:&nbsp;<a href=\"http:\/\/formazione.chimici.it\/Chimici\/dettaglioEvento.public?id=7609&amp;page=1&amp;rowsPerPage=30\">http:\/\/formazione.chimici.it\/Chimici\/dettaglioEvento.public?id=7609&amp;page=1&amp;rowsPerPage=30<\/a><\/p>\n\n\n\n<p><\/p>\n\n\n\n<p><strong>6 2 2018<\/strong>&nbsp;Scadenza&nbsp;<strong>Quota Iscrizione Ordine dei Chimici della Calabria Anno 2018<\/strong><\/p>\n\n\n\n<p>&nbsp;La data di scadenza per il pagamento della tassa di iscrizione all\u2019Ordine dei Chimici della Calabria, invariata rispetto agli anni precedenti. \u00e8 fissata per il 28 febbraio 2018.&nbsp; I bollettini precompilati saranno consegnati nei prossimi giorni dall\u2019agente di riscossione.<\/p>\n\n\n\n<p>Qualora &nbsp;entro il predetto il termine di scadenza non dovessero esservi stati consegnati, restando a vostra disposizione, vi invitiamo a comunicarcelo o comunque a rispondere alla mail che trasmetteremo, in prossimit\u00e0 o subito dopo la scadenza, al fine di garantire a tutti la possibilit\u00e0 di pagare correttamente e senza mora entro tempi ragionevoli.<\/p>\n\n\n\n<p><\/p>\n\n\n\n<p><strong>01 2 2018 Pubblicata legge 3\/2018 (ex DdL&nbsp;&#8220;Lorenzin&#8221;) &#8211; Chimici e Fisici Professioni Sanitarie<\/strong><\/p>\n\n\n\n<p>Sulla G.U. n. 25 del 31.01.2018 e&#8217; stata pubblicata la Legge n. 3 dell&#8217;11 gennaio 2018 &#8220;Delega al Governo in materia di sperimentazione clinica di medicinali nonche&#8217; disposizioni per il riordino delle professioni sanitarie e per la dirigenza sanitaria del Ministero della salute&#8221; che entrera&#8217; in vigore dal 15.02.2018.&nbsp; Nasce la Federazione dei Chimici e dei Fisici che sar\u00e0 sotto l&#8217;egida del Ministero della Salute.&nbsp; Entro 90 giorni saranno redatti i decreti attuativi.<\/p>\n\n\n\n<p>Si invitano gli Iscritti a&nbsp;<a href=\"http:\/\/www.ordinechimicicalabria.it\/portale2018\/allegati\/2018\/Legge%203-2018%20dell'11.01.2018%20GU%2025.pdf\">leggere il Testo pubblicato in GU<\/a><\/p>\n\n\n\n<figure class=\"wp-block-image\"><a href=\"http:\/\/www.ordinechimicicalabria.it\/portale2018\/allegati\/2018\/Legge%203-2018%20dell'11.01.2018%20GU%2025.pdf\"><img decoding=\"async\" src=\"http:\/\/www.ordinechimicicalabria.it\/portale2018\/images\/immagine%20DL%203-2018.jpg\" alt=\"\"\/><\/a><\/figure>\n\n\n\n<p><strong>15 1 2018<\/strong>Riapertura ISCRIZIONI Corso di Formazione<strong>&nbsp;LEGISLAZIONE DEI PRODOTTI COSMETICI, 6 CFP<\/strong><\/p>\n\n\n\n<p><strong>Sabato 27&nbsp;Gennaio<\/strong>&nbsp;2018 dalle ore 8:35 alle 14:35,&nbsp; a Reggio Calabria presso la FONDAZIONE I.T.S.E.E. &#8211; ISTITUTO SUPERIORE PER L\u2019EFFICIENZA ENERGETICA in Via&nbsp; E. Cuzzocrea 22, si terr\u00e0 la prima edizione del Corso di formazione dal titolo:&nbsp;<strong>&#8220;LEGISLAZIONE DEI PRODOTTI COSMETICI&#8221;<\/strong>, che comporta l&#8217;assegnazione di 6 CFP per gli iscritti all&#8217;Ordine dei Chimici previa iscrizione sul Portale della Formazione e versamento della quota di iscrizione.<\/p>\n\n\n\n<p>Per maggiori informazioni e per iscrivervi vi invitiamo a&nbsp;<a href=\"http:\/\/www.ordinechimicicalabria.it\/portale2018\/allegati-formazione\/formazione2018\/RC01-2018%20Legislazione%20prodotti%20cosmetici,%206CFP%2027%20gennaio.pdf\">scaricare la locandina<\/a>&nbsp;oppure a visitare la pagina:&nbsp;<a href=\"http:\/\/formazione.chimici.it\/Chimici\/dettaglioEvento.public?id=6469&amp;page=1&amp;rowsPerPage=30\">http:\/\/formazione.chimici.it\/Chimici\/dettaglioEvento.public?id=6469&amp;page=1&amp;rowsPerPage=30<\/a><\/p>\n\n\n\n<figure class=\"wp-block-image\"><a href=\"http:\/\/www.ordinechimicicalabria.it\/portale2018\/allegati-formazione\/formazione2018\/RC01-2018%20Legislazione%20prodotti%20cosmetici,%206CFP%2027%20gennaio.pdf\"><img decoding=\"async\" src=\"http:\/\/www.ordinechimicicalabria.it\/portale2018\/allegati-formazione\/formazione2018\/RC01-2018%20Legislazione%20prodotti%20cosmetici,%206CFP%2027%20gennaio.jpg\" alt=\"\"\/><\/a><\/figure>\n","protected":false},"excerpt":{"rendered":"Concorso &#8221; LA TAVOLA PERIODICA ATTORNO A NOI. E&#8217; IMPORTANTE PERCHE&#8217;..&#8221;scadenza 10 dicembre L&#8217;Ordine dei Chimici e dei Fisici della Calabria, in occasione dell&#8217;evento &#8220;La Tavola periodica 150 anni dopo&#8221;, ha indetto un concorso per [&hellip;]\n","protected":false},"author":1,"featured_media":0,"parent":0,"menu_order":0,"comment_status":"closed","ping_status":"closed","template":"","meta":[],"_links":{"self":[{"href":"https:\/\/www.ordinechimicicalabria.it\/index.php?rest_route=\/wp\/v2\/pages\/49"}],"collection":[{"href":"https:\/\/www.ordinechimicicalabria.it\/index.php?rest_route=\/wp\/v2\/pages"}],"about":[{"href":"https:\/\/www.ordinechimicicalabria.it\/index.php?rest_route=\/wp\/v2\/types\/page"}],"author":[{"embeddable":true,"href":"https:\/\/www.ordinechimicicalabria.it\/index.php?rest_route=\/wp\/v2\/users\/1"}],"replies":[{"embeddable":true,"href":"https:\/\/www.ordinechimicicalabria.it\/index.php?rest_route=%2Fwp%2Fv2%2Fcomments&post=49"}],"version-history":[{"count":4,"href":"https:\/\/www.ordinechimicicalabria.it\/index.php?rest_route=\/wp\/v2\/pages\/49\/revisions"}],"predecessor-version":[{"id":246,"href":"https:\/\/www.ordinechimicicalabria.it\/index.php?rest_route=\/wp\/v2\/pages\/49\/revisions\/246"}],"wp:attachment":[{"href":"https:\/\/www.ordinechimicicalabria.it\/index.php?rest_route=%2Fwp%2Fv2%2Fmedia&parent=49"}],"curies":[{"name":"wp","href":"https:\/\/api.w.org\/{rel}","templated":true}]}}